{"id":7211,"date":"2021-06-28T19:42:18","date_gmt":"2021-06-28T17:42:18","guid":{"rendered":"https:\/\/wartburgkultur.de\/go\/?post_type=product&#038;p=7211"},"modified":"2021-06-29T16:50:51","modified_gmt":"2021-06-29T14:50:51","slug":"basecap-wartburgkultur","status":"publish","type":"product","link":"https:\/\/wartburgkultur.de\/go\/produkt\/basecap-wartburgkultur\/","title":{"rendered":"Basecap Wartburgkultur"},"content":{"rendered":"<p><strong>Nicht nur f\u00fcr Dich als Fan von Wartburgkultur ein absolutes MUSS!<\/strong><br \/>\nUnsere neuen WK &#8211; Basecaps solltest Du dir einmal genauer anschauen.<\/p>\n<p>Zeitlos im Zuschnitt ist dieses Cap von Wartburgkultur mit einem klassisch vorgebogenen Schirm ausgestattet, der die Sicht auf das Wesentliche freigibt.<\/p>\n<p>Das Visir hat eine L\u00e4nge von 8cm, das Kopfteil hingegen eine H\u00f6he von 10cm. R\u00fcckseitig kannst du mittels der regulierbaren Druckknopflasche ganz leicht die Gr\u00f6\u00dfe der Kappe einstellen, damit sie Dir eine individuell perfekte Passform und somit das bestm\u00f6gliche Tragegef\u00fchl bietet.<\/p>\n<p>Die klassisch umstickten Luft\u00f6sen sorgen zus\u00e4tzlich noch f\u00fcr ein jederzeit angenehmes Kopfklima.<\/p>\n<p>Unser Basecap von Wartburgkultur besteht aus Baumwolle mit verstellbaren Riemen auf der R\u00fcckseite.<\/p>\n<ul>\n<li>Einheitsgr\u00f6\u00dfe (ca. 55-62 cm)<\/li>\n<li>Gr\u00f6\u00dfenverstellbar<\/li>\n<li>Material: 100% Baumwolle<\/li>\n<li>Schirml\u00e4nge: 8 cm<\/li>\n<li>Kopfh\u00f6he: ca. 10 cm<\/li>\n<\/ul>\n","protected":false},"excerpt":{"rendered":"<p><strong>Zeitlos im Zuschnitt ist dieses <a title=\"Infos und Geschichtliches\" href=\"https:\/\/de.wikipedia.org\/wiki\/Baseballcap\" target=\"_blank\" rel=\"noopener\">BasCap<\/a> von <a title=\"Exklusiv und Kult PUR!\" href=\"https:\/\/wartburgkultur.de\/\">Wartburgkultur<\/a> mit einem klassisch vorgebogenen Schirm ausgestattet, der die Sicht auf das Wesentliche freigibt. <\/strong><\/p>\n<p><strong>Das solltest Du dir einmal genauer anschauen.<\/strong><\/p>\n<ul>\n<li>Material: 100% Baumwolle<\/li>\n<li>Schirml\u00e4nge: 8 cm<\/li>\n<li>Kopfh\u00f6he: ca. 10 cm<\/li>\n<\/ul>\n<p>&nbsp;<\/p>\n","protected":false},"featured_media":7212,"comment_status":"closed","ping_status":"closed","template":"","meta":{"_et_pb_use_builder":"","_et_pb_old_content":"","_et_gb_content_width":""},"product_brand":[],"product_cat":[46],"product_tag":[49,47,30,42,25,48,29,32,50,24,31,26,43],"class_list":{"0":"post-7211","1":"product","2":"type-product","3":"status-publish","4":"has-post-thumbnail","6":"product_cat-basecape","7":"product_tag-basecap","8":"product_tag-basecape-wartburgkultur","9":"product_tag-ddr-architektur","10":"product_tag-fansticker","11":"product_tag-kalender","12":"product_tag-kult-pur","13":"product_tag-online-bestellen","14":"product_tag-sexy","15":"product_tag-sonnenschutz","16":"product_tag-wartburg","17":"product_tag-wartburggirls","18":"product_tag-wartburgkalender","19":"product_tag-wartburgkultur","20":"product_shipping_class-versand-basecap","22":"first","23":"instock","24":"purchasable","25":"product-type-simple"},"aioseo_notices":[],"_links":{"self":[{"href":"https:\/\/wartburgkultur.de\/go\/wp-json\/wp\/v2\/product\/7211","targetHints":{"allow":["GET"]}}],"collection":[{"href":"https:\/\/wartburgkultur.de\/go\/wp-json\/wp\/v2\/product"}],"about":[{"href":"https:\/\/wartburgkultur.de\/go\/wp-json\/wp\/v2\/types\/product"}],"replies":[{"embeddable":true,"href":"https:\/\/wartburgkultur.de\/go\/wp-json\/wp\/v2\/comments?post=7211"}],"wp:featuredmedia":[{"embeddable":true,"href":"https:\/\/wartburgkultur.de\/go\/wp-json\/wp\/v2\/media\/7212"}],"wp:attachment":[{"href":"https:\/\/wartburgkultur.de\/go\/wp-json\/wp\/v2\/media?parent=7211"}],"wp:term":[{"taxonomy":"product_brand","embeddable":true,"href":"https:\/\/wartburgkultur.de\/go\/wp-json\/wp\/v2\/product_brand?post=7211"},{"taxonomy":"product_cat","embeddable":true,"href":"https:\/\/wartburgkultur.de\/go\/wp-json\/wp\/v2\/product_cat?post=7211"},{"taxonomy":"product_tag","embeddable":true,"href":"https:\/\/wartburgkultur.de\/go\/wp-json\/wp\/v2\/product_tag?post=7211"}],"curies":[{"name":"wp","href":"https:\/\/api.w.org\/{rel}","templated":true}]}}